{"id":612,"date":"2016-05-05T10:36:13","date_gmt":"2016-05-05T10:36:13","guid":{"rendered":"http:\/\/splash.stylemixthemes.com\/\/?page_id=612"},"modified":"2020-11-30T08:09:07","modified_gmt":"2020-11-30T07:09:07","slug":"about-club","status":"publish","type":"page","link":"https:\/\/asivolley.fr\/index.php\/about-club\/","title":{"rendered":"Notre Club"},"content":{"rendered":"<p>[vc_row full_width=\u00a0\u00bbstretch_row\u00a0\u00bb css=\u00a0\u00bb.vc_custom_1476255884282{margin-top: -33px !important;margin-bottom: 0px !important;padding-bottom: 0px !important;background-color: #ffffff !important;}\u00a0\u00bb][vc_column width=\u00a0\u00bb1\/2&Prime; css=\u00a0\u00bb.vc_custom_1462531430496{padding-top: 0px !important;}\u00a0\u00bb][vc_single_image image=\u00a0\u00bb2356&Prime; img_size=\u00a0\u00bbfull\u00a0\u00bb onclick=\u00a0\u00bblink_image\u00a0\u00bb css_animation=\u00a0\u00bbright-to-left\u00a0\u00bb css=\u00a0\u00bb.vc_custom_1537531945501{margin-top: 48px !important;margin-bottom: 36px !important;}\u00a0\u00bb][\/vc_column][vc_column width=\u00a0\u00bb1\/2&Prime;][vc_column_text css=\u00a0\u00bb.vc_custom_1537531932750{margin-bottom: 35px !important;}\u00a0\u00bb]<\/p>\n<h2>LE MOT DU PRESIDENT<\/h2>\n<p>[\/vc_column_text][vc_column_text css=\u00a0\u00bb.vc_custom_1537532151775{margin-bottom: 23px !important;}\u00a0\u00bb]LIGUE B nous voil\u00e0\u00a0!<\/p>\n<p>Un cycle de 3 ans vient de se terminer en Apoth\u00e9ose avec une mont\u00e9e en Ligue B et une Coupe de France ramen\u00e9e de Coubertin. C&rsquo;est une nouvelle page qui s&rsquo;ouvre pour l&rsquo;ASI VOLLEY et son arriv\u00e9e Historique dans le monde Professionnel\u2026<br \/>\nNotre motivation \u00e0 grandir reste intacte tout en conservant l\u2019\u00e9tat d\u2019esprit festif et familial qui caract\u00e9rise l\u2019ASI VOLLEY depuis 45 ans.<br \/>\nCes trois prochaines ann\u00e9es doivent nous permettre de continuer \u00e0 progresser \u00e0 tous les niveaux Sportifs, administratifs, Communication et Marketing.<\/p>\n<p><strong>\u00ab\u00a0ll n&rsquo;y a pas de d\u00e9veloppement sans projet, pas de performance sans objectif et pas de r\u00e9ussite sans ambition\u2026\u00a0\u00bb<\/strong><\/p>\n<p>C&rsquo;est la raison pour laquelle nous viserons d\u00e8s cette ann\u00e9e une participation aux play-offs avec la ferme intention d&rsquo;y figurer tr\u00e8s honorablement.[\/vc_column_text][\/vc_column][\/vc_row][vc_row][vc_column][vc_column_text]<strong>#LESSOLDATSDELARUCHE<\/strong> guid\u00e9s par ANISSE GUECHOU et son staff auront \u00e0 c\u0153ur j\u2019en suis certain, de relever ce nouveau d\u00e9fi avec l\u2019aide de tout un club qui les entoure avec engouement et d\u00e9termination afin de les mettre dans les meilleures conditions possibles.<br \/>\nNous avons choisi avec l\u2019encadrement de conserver 75% de l\u2019effectif ayant particip\u00e9 \u00e0 la mont\u00e9e, c\u2019est une vrai option suffisamment rare \u00e0 ce niveau pour le signaler, nous souhaitons la bienvenue \u00e0 Miroslav VRBAN (Central Serbe de 2,02), Vladimir CEDIC (Central Serbe de 2,02)\u00a0 et Edouardo ANTONY CARLOS <strong>dit Kadu<\/strong> (R\u00e9cetionneur-Attaquant Franco-Br\u00e9silien de 1,92)\u00a0 qui ont rejoint l\u2019\u00e9quipe depuis le 20 ao\u00fbt.<\/p>\n<p>La formation des jeunes Filles et Gar\u00e7ons reste un axe fort du d\u00e9veloppement du club ainsi que la structuration du bureau sur le p\u00f4le administratif, \u00e9v\u00e8nementiel, communication, marketing et d\u00e9veloppement des partenaires.<br \/>\nL\u2019engagement de la section vers l\u2019autonomie Administrative et Financi\u00e8re est effective puisqu\u2019\u00e0 l\u2019aube de la saison 2019-2020 le cahier des charges LNV nous oblige \u00e0 devenir une Association Sportive autonome.<\/p>\n<p>Enfin, nous esp\u00e9rons que l\u2019\u00e9nergie, la passion et la d\u00e9termination que met l\u2019ensemble des encadrants, bureau, b\u00e9n\u00e9voles et joueurs du club susciteront l\u2019int\u00e9r\u00eat de toute une r\u00e9gion pour faire de la \u00ab\u00a0Ruche\u00a0\u00bb un lieu imprenable et le plus chaud de la Ligue B.<\/p>\n<p>A bient\u00f4t, et n\u2019oubliez pas \u00ab\u00a0Qui s\u2019y frotte s\u2019y pique\u00a0\u00bb<\/p>\n<p>Votre pr\u00e9sident d\u00e9vou\u00e9<\/p>\n<p>St\u00e9phane HASSOUN[\/vc_column_text][\/vc_column][\/vc_row][vc_row css=\u00a0\u00bb.vc_custom_1476351365285{padding-bottom: 79px !important;}\u00a0\u00bb][vc_column width=\u00a0\u00bb2\/3&Prime; css=\u00a0\u00bb.vc_custom_1476350633477{padding-top: 0px !important;padding-bottom: 0px !important;}\u00a0\u00bb][stm_coach_excerption title=\u00a0\u00bbCoach Popoguech&rsquo;ou\u00a0\u00bb name=\u00a0\u00bbAnis Guechou\u00a0\u00bb excerption=\u00a0\u00bbBefore you can build an effective team, you need high-performing players. So next time you consider hiring a new employee, revisit these 4 characteristics. If you have an open floor plan, you may not want to hire someone who is extremely introverted or accustomed to working remotely.\u00a0\u00bb photo=\u00a0\u00bb2062&Prime; signature=\u00a0\u00bb2376&Prime;][\/vc_column][vc_column width=\u00a0\u00bb1\/3&Prime; el_class=\u00a0\u00bbstm-gray-bg\u00a0\u00bb css=\u00a0\u00bb.vc_custom_1476350657725{padding-top: 0px !important;padding-bottom: 0px !important;}\u00a0\u00bb][vc_column_text css=\u00a0\u00bb.vc_custom_1476351293130{margin-bottom: 21px !important;}\u00a0\u00bb]<\/p>\n<h3>Officials and fouls<\/h3>\n<p>[\/vc_column_text][vc_column_text css=\u00a0\u00bb.vc_custom_1476262895964{margin-bottom: 12px !important;}\u00a0\u00bb]The seven officials on the field are each tasked with a different set of responsibilities:[\/vc_column_text][stm_icon_list]<\/p>\n<ul>\n<li><strong>The referee<\/strong> is positioned behind and to the side of the offensive backs.<\/li>\n<li><strong>The umpire<\/strong> is positioned in the defensive backfield, except in the NFL<\/li>\n<\/ul>\n<p>[\/stm_icon_list][\/vc_column][\/vc_row][vc_row css=\u00a0\u00bb.vc_custom_1476351365285{padding-bottom: 79px !important;}\u00a0\u00bb][vc_column css=\u00a0\u00bb.vc_custom_1476350633477{padding-top: 0px !important;padding-bottom: 0px !important;}\u00a0\u00bb][stm_coach_excerption title=\u00a0\u00bbMaire de Saint Jean d\u2019Illac\u00a0\u00bb name=\u00a0\u00bbEdouard Quintano\u00a0\u00bb excerption=\u00a0\u00bbLe volley-ball est un des sports phare de notre ville, f\u00e9d\u00e9rateur et rassembleur. L\u2019ASI Volley-ball a vu et fait grandir de nombreux illacaises et illacais depuis des ann\u00e9es. Notre association, ses dirigeants, ses b\u00e9n\u00e9voles, ses joueurs contribuent tous \u00e0 cette image positive. De mani\u00e8re personnelle, je suis le club depuis mon arriv\u00e9e dans la ville en 2001 et le soutiens sans retenue. Je l\u2019ai vu \u00e9voluer, grandir et toujours s\u2019articuler autour des valeurs essentielles du sport : vivre-ensemble, dynamisme, solidarit\u00e9, partage et d\u00e9passement de soi. La municipalit\u00e9 est pr\u00e9sente pour accompagner le d\u00e9veloppement du club, dans tous les domaines, tant au niveau des jeunes, v\u00e9ritables forces d\u2019avenir, que des s\u00e9niors. Je souhaite une excellente ann\u00e9e sportive \u00e0 toutes et tous.\u00a0\u00bb photo=\u00a0\u00bb3958&Prime;][\/vc_column][\/vc_row][vc_row full_width=\u00a0\u00bbstretch_row_content_no_spaces\u00a0\u00bb css=\u00a0\u00bb.vc_custom_1537532317825{padding-bottom: 10px !important;background: #fafaf8 url(https:\/\/localhost\/site\/asi\/wp-content\/uploads\/2018\/09\/testimonials_banner.jpg?id=2351) !important;}\u00a0\u00bb][vc_column][stm_reviews_carousel title=\u00a0\u00bbLes acteurs majeurs\u00a0\u00bb review_view_style=\u00a0\u00bbreview_style_two\u00a0\u00bb][\/vc_column][\/vc_row]<\/p>\n","protected":false},"excerpt":{"rendered":"<p>[vc_row full_width=\u00a0\u00bbstretch_row\u00a0\u00bb css=\u00a0\u00bb.vc_custom_1476255884282{margin-top: -33px !important;margin-bottom: 0px !important;padding-bottom: 0px !important;background-color: #ffffff !important;}\u00a0\u00bb][vc_column width=\u00a0\u00bb1\/2&Prime; css=\u00a0\u00bb.vc_custom_1462531430496{padding-top: 0px !important;}\u00a0\u00bb][vc_single_image image=\u00a0\u00bb2356&Prime; img_size=\u00a0\u00bbfull\u00a0\u00bb onclick=\u00a0\u00bblink_image\u00a0\u00bb css_animation=\u00a0\u00bbright-to-left\u00a0\u00bb css=\u00a0\u00bb.vc_custom_1537531945501{margin-top: 48px !important;margin-bottom: 36px !important;}\u00a0\u00bb][\/vc_column][vc_column width=\u00a0\u00bb1\/2&Prime;][vc_column_text css=\u00a0\u00bb.vc_custom_1537531932750{margin-bottom: 35px !important;}\u00a0\u00bb] LE MOT DU PRESIDENT [\/vc_column_text][vc_column_text css=\u00a0\u00bb.vc_custom_1537532151775{margin-bottom: 23px !important;}\u00a0\u00bb]LIGUE B nous voil\u00e0\u00a0! Un cycle de 3 ans vient de se terminer en Apoth\u00e9ose avec une mont\u00e9e en Ligue&#8230;<\/p>\n","protected":false},"author":1,"featured_media":0,"parent":0,"menu_order":0,"comment_status":"closed","ping_status":"closed","template":"","meta":{"footnotes":""},"_links":{"self":[{"href":"https:\/\/asivolley.fr\/index.php\/wp-json\/wp\/v2\/pages\/612"}],"collection":[{"href":"https:\/\/asivolley.fr\/index.php\/wp-json\/wp\/v2\/pages"}],"about":[{"href":"https:\/\/asivolley.fr\/index.php\/wp-json\/wp\/v2\/types\/page"}],"author":[{"embeddable":true,"href":"https:\/\/asivolley.fr\/index.php\/wp-json\/wp\/v2\/users\/1"}],"replies":[{"embeddable":true,"href":"https:\/\/asivolley.fr\/index.php\/wp-json\/wp\/v2\/comments?post=612"}],"version-history":[{"count":9,"href":"https:\/\/asivolley.fr\/index.php\/wp-json\/wp\/v2\/pages\/612\/revisions"}],"predecessor-version":[{"id":3962,"href":"https:\/\/asivolley.fr\/index.php\/wp-json\/wp\/v2\/pages\/612\/revisions\/3962"}],"wp:attachment":[{"href":"https:\/\/asivolley.fr\/index.php\/wp-json\/wp\/v2\/media?parent=612"}],"curies":[{"name":"wp","href":"https:\/\/api.w.org\/{rel}","templated":true}]}}